{"id":10430,"date":"2021-03-19T10:46:20","date_gmt":"2021-03-19T10:46:20","guid":{"rendered":"http:\/\/uvmk.unet.mk\/?page_id=10430"},"modified":"2021-03-19T10:46:21","modified_gmt":"2021-03-19T10:46:21","slug":"korniza-ligjore","status":"publish","type":"page","link":"https:\/\/uvmk.gov.mk\/sq\/korniza-ligjore\/","title":{"rendered":"Korniza ligjore"},"content":{"rendered":"<h2 class=\"wp-block-heading\"><br>Legjislacioni &#8211; udh\u00ebzime p\u00ebr librat e gjendjes civile dhe regjistrat<\/h2>\n\n\n\n<ul><li><a href=\"http:\/\/uvmk.gov.mk\/wp-content\/uploads\/2021\/03\/upatstvo_za_maticni_knigi_i_registri_2010.pdf\">UDH\u00cbZIME P\u00cbR LIBRAT E GJENDJES CIVILE DHE REGJISTRAT E VITIT 2010<\/a><\/li><li><a href=\"http:\/\/uvmk.gov.mk\/wp-content\/uploads\/2021\/03\/upatstvo_za_maticni_knigi_i_registri_2010.pdf\">UDH\u00cbZIME P\u00cbR LIBRAT E GJENDJES CIVILE DHE REGJISTRAT E VITIT 2015<\/a><\/li><li><a href=\"http:\/\/uvmk.gov.mk\/wp-content\/uploads\/2021\/03\/upatstvo_za_maticni_knigi_i_registri_2010.pdf\">UDH\u00cbZIME P\u00cbR MARRJEN E RAPORTEVE,REGJISTRAVE, ARKIVAT, LIBRAT E GJENDJES CIVILE DHE KOPJEN E DYT\u00cb NGA REGJISTRI I LINDJEVE<\/a><\/li><\/ul>\n\n\n\n<h2 class=\"wp-block-heading\">Legjislacioni \u2013 ligjet p\u00ebr evidentimin e librave t\u00eb gjendjes civile<\/h2>\n\n\n\n<ul><li><a href=\"http:\/\/uvmk.gov.mk\/wp-content\/uploads\/2021\/03\/Zakon_za_maticna_evidencija.pdf\">LIGJI P\u00cbR EVIDENTIMIN E LIBRAVE T\u00cb GJENDJES CIVILE<\/a><\/li><li><a href=\"http:\/\/uvmk.gov.mk\/wp-content\/uploads\/2021\/03\/Zakon_za_maticna_evidencija_2002.pdf\">NDRYSHIMI DHE PLOT\u00cbSIMI I 2002<\/a><\/li><li><a href=\"http:\/\/uvmk.gov.mk\/wp-content\/uploads\/2021\/03\/Zakon_za_maticna_evidencija_2007.pdf\">NDRYSHIMI DHE PLOT\u00cbSIMI I 2007<\/a><\/li><li><a href=\"http:\/\/uvmk.gov.mk\/wp-content\/uploads\/2021\/03\/Zakon_za_maticna_evidencija_2008.pdf\">NDRYSHIMI DHE PLOT\u00cbSIMI I 2008<\/a><\/li><li><a href=\"http:\/\/uvmk.gov.mk\/wp-content\/uploads\/2021\/03\/Zakon_za_maticna_evidencija_2009.pdf\">NDRYSHIMI DHE PLOT\u00cbSIMI I 2009<\/a><\/li><li><a href=\"http:\/\/uvmk.gov.mk\/wp-content\/uploads\/2021\/03\/Procisten_Zakon_UVMK.pdf\">NDRYSHIMI DHE PLOT\u00cbSIMI 2013<\/a><\/li><li><a href=\"http:\/\/uvmk.gov.mk\/wp-content\/uploads\/2021\/03\/Procisten_Zakon_UVMK.pdf\">LIGJI P\u00cbR EVIDENTIMIN E LIBRAVE T\u00cb GJENDJES CIVILE (TEKSTI I PASTRUAR) 2013<\/a><\/li><li><a href=\"http:\/\/uvmk.gov.mk\/wp-content\/uploads\/2021\/03\/Zakon_za_maticna_evidencija_2013.pdf\">NDRYSHIMI DHE PLOT\u00cbSIMI 2013<\/a><\/li><li><a href=\"http:\/\/uvmk.gov.mk\/wp-content\/uploads\/2021\/03\/Zakon_za_maticna_evidencija_2015.pdf\">NDRYSHIMI DHE PLOT\u00cbSIMI 2014<\/a><\/li><li><a href=\"http:\/\/uvmk.gov.mk\/wp-content\/uploads\/2021\/03\/Zakon_za_maticna_evidencija_2015.pdf\">NDRYSHIMI DHE PLOT\u00cbSIMI 2015<\/a><\/li><li><a href=\"http:\/\/uvmk.gov.mk\/wp-content\/uploads\/2021\/03\/Zakon_za_maticna_evidencija_2016.pdf\">NDRYSHIMI DHE PLOT\u00cbSIMI N\u00cb 2016<\/a><\/li><\/ul>\n\n\n\n<h2 class=\"wp-block-heading\">Rregullativat ligjore &#8211; ligje t\u00eb tjera<\/h2>\n\n\n\n<ul><li><a href=\"http:\/\/uvmk.gov.mk\/wp-content\/uploads\/2021\/03\/Maticen_broj_na_graganinot_92.pdf\">LIGJI MBI NUMRAT AM\u00cb<\/a><\/li><li><a href=\"http:\/\/uvmk.gov.mk\/wp-content\/uploads\/2021\/03\/Maticen_broj_na_graganinot_92.pdf\">LIGJI P\u00cbR PLOT\u00cbSIM T\u00cb LIGJIT P\u00cbR NUMRAT AM\u00cb VITI 2013<\/a><\/li><li><a href=\"http:\/\/uvmk.gov.mk\/wp-content\/uploads\/2021\/03\/Maticen_broj_na_graganinot_92.pdf\">LIGJI P\u00cbR PLOT\u00cbSIM T\u00cb LIGJIT P\u00cbR NUMRAT AM\u00cb VITI 2016<\/a><\/li><li><a href=\"https:\/\/www.uvmk.gov.mk\/files\/zakoni\/Zakon_za_semejstvo_(konsolidiran_tekst).pdf\">LIGJI P\u00cbR FAMILJEN (TEKSTI I KONSOLIDUAR)<\/a><\/li><li><a href=\"http:\/\/uvmk.gov.mk\/wp-content\/uploads\/2021\/03\/Drzavjanstvo_na_RM_precisten_45_07072004.pdf\">LIGJI MBI MBROJTJEN E T\u00cb DH\u00cbNAVE PERSONALE<\/a><\/li><li><a href=\"https:\/\/www.uvmk.gov.mk\/files\/zakoni\/Drzavjanstvo_na_RM_(precisten)_45_07072004.pdf\">LIGJI P\u00cbR N\u00cbNSHTET\u00cbSI<\/a><\/li><li><a href=\"http:\/\/uvmk.gov.mk\/wp-content\/uploads\/2021\/03\/Drzavjanstvo_na_RM_precisten_45_07072004.pdf\">LIGJI P\u00cbR NDRYSHIMIN DHE PLOT\u00cbSIMIN E LIGJIT P\u00cbR N\u00cbNSHTET\u00cbSIN\u00cb E REPUBLIK\u00cbS S\u00cb MAQEDONIS\u00cb 2011<\/a><\/li><li><a href=\"http:\/\/uvmk.gov.mk\/wp-content\/uploads\/2021\/03\/Drzavjanstvo_na_RM_precisten_45_07072004.pdf\">LIGJI P\u00cbR NDRYSHIMIN DHE PLOT\u00cbSIMIN E LIGJIT P\u00cbR N\u00cbNSHTET\u00cbSIN\u00cb E REPUBLIK\u00cbS S\u00cb MAQEDONIS\u00cb 2016<\/a><\/li><li><a href=\"http:\/\/uvmk.gov.mk\/wp-content\/uploads\/2021\/03\/Drzavjanstvo_na_RM_precisten_45_07072004.pdf\">LIGJI P\u00cbR EMRIN PERSONAL<\/a><\/li><li><a href=\"http:\/\/uvmk.gov.mk\/wp-content\/uploads\/2021\/03\/Drzavjanstvo_na_RM_precisten_45_07072004.pdf\">LIGJI P\u00cbR NDRYSHIMIN E LIGJIT P\u00cbR EMRIN PERSONAL 2007<\/a><\/li><li><a href=\"http:\/\/uvmk.gov.mk\/wp-content\/uploads\/2021\/03\/Drzavjanstvo_na_RM_precisten_45_07072004.pdf\">LIGJI P\u00cbR NDRYSHIMIN E LIGJIT P\u00cbR EMRIN PERSONAL 2008<\/a><\/li><li><a href=\"http:\/\/uvmk.gov.mk\/wp-content\/uploads\/2021\/03\/Drzavjanstvo_na_RM_precisten_45_07072004.pdf\">LIGJI P\u00cbR NDRYSHIMIN E LIGJIT P\u00cbR EMRIN PERSONAL 2011<\/a><\/li><li><a href=\"http:\/\/uvmk.gov.mk\/wp-content\/uploads\/2021\/03\/Drzavjanstvo_na_RM_precisten_45_07072004.pdf\">LIGJI P\u00cbR NDRYSHIMIN E LIGJIT P\u00cbR EMRIN PERSONAL 2016<\/a><\/li><li><a href=\"http:\/\/uvmk.gov.mk\/wp-content\/uploads\/2021\/03\/Drzavjanstvo_na_RM_precisten_45_07072004.pdf\">LIGJI P\u00cbR PROCEDUR\u00cbN E P\u00cbRGJITHSHME ADMINISTRATIVE<\/a><\/li><\/ul>\n\n\n\n<h2 class=\"wp-block-heading\">Memorandum bashk\u00ebpunimi nd\u00ebrmjet Zyr\u00ebs p\u00ebr udh\u00ebheqjen me librat e gjendjes civile dhe MPB<\/h2>\n\n\n\n<p>M\u00eb 11 qershor 2009 u miratua nj\u00eb Memorandum Bashk\u00ebpunimi p\u00ebr t\u00eb koordinuar aktivitetet dhe p\u00ebrgjegj\u00ebsit\u00eb q\u00eb lidhen me gjendjen civile, funksionimin e librave e gjendjes civile dhe shtet\u00ebsin\u00eb. Memorandumi u n\u00ebnshkrua n\u00eb mes t\u00eb Zyr\u00ebs p\u00ebr udh\u00ebheqjen me librat e gjendjes civile dhe Ministris\u00eb s\u00eb Brendshme.<br>Ky memorandum ka p\u00ebr q\u00ebllim p\u00ebr t\u00eb siguruar koordinimin e aktiviteteve dhe p\u00ebrgjegj\u00ebsive q\u00eb lidhen me gjendjen civile, funksionimin m\u00ebm\u00eb librave e gjendjes civile dhe n\u00ebnshtet\u00ebsin\u00eb, q\u00eb burojn\u00eb nga Ligji p\u00ebr evidentimin e librave t\u00eb gjendjes civile ( &#8220;Gazeta Zyrtare&#8221; nr. 08\/95, 38\/02, 38\/96 , 66\/07 dhe 98\/08), Ligji p\u00ebr numrin am\u00eb t\u00eb identifikimit t\u00eb qytetarit ( &#8220;Gazeta Zyrtare&#8221; nr.36 \/ 92), Ligji p\u00ebr emrin personal (Gazeta Zyrtare Nr.08 \/ 95, 66\/07 dhe 103\/08), Ligji p\u00ebr n\u00ebnshtet\u00ebsi t\u00eb Republik\u00ebs s\u00eb Maqedonis\u00eb ( &#8220;Gazeta Zyrtare&#8221; nr.67 \/ 92 , 04\/08, 45\/04 dhe 98\/08), Ligji p\u00ebr familje ( &#8220;Gazeta Zyrtare&#8221; No.80 \/ 92, 09\/96, 38\/04, 33\/06 dhe 84\/08), n\u00eb mes t\u00eb Zyr\u00ebs p\u00ebr udh\u00ebheqje me librat e gjendjes civile dhe Ministris\u00eb s\u00eb Pun\u00ebve t\u00eb Brendshme (n\u00eb tekstin e m\u00ebtejm\u00eb: pal\u00ebt kontraktuese).<\/p>\n\n\n\n<p>MEMORANDUMI I BASHK\u00cbPUNIMIT N\u00cb MES T\u00cb ZYR\u00cbS P\u00cbR UDH\u00cbHEQJE ME LIBRAT E GJENDJES CIVILE DHE MINISTRIS\u00cb S\u00cb PUN\u00cbVE T\u00cb BRENDSHME<\/p>","protected":false},"excerpt":{"rendered":"<p>Legjislacioni &#8211; udh\u00ebzime p\u00ebr librat e gjendjes civile dhe regjistrat UDH\u00cbZIME P\u00cbR LIBRAT E GJENDJES CIVILE DHE REGJISTRAT E VITIT 2010 UDH\u00cbZIME P\u00cbR LIBRAT E GJENDJES CIVILE DHE REGJISTRAT E VITIT 2015 UDH\u00cbZIME P\u00cbR MARRJEN E RAPORTEVE,REGJISTRAVE, ARKIVAT, LIBRAT E GJENDJES CIVILE DHE KOPJEN E DYT\u00cb NGA REGJISTRI I LINDJEVE Legjislacioni \u2013 ligjet p\u00ebr evidentimin [&hellip;]<\/p>","protected":false},"author":1,"featured_media":0,"parent":0,"menu_order":0,"comment_status":"closed","ping_status":"closed","template":"","meta":[],"_links":{"self":[{"href":"https:\/\/uvmk.gov.mk\/sq\/wp-json\/wp\/v2\/pages\/10430"}],"collection":[{"href":"https:\/\/uvmk.gov.mk\/sq\/wp-json\/wp\/v2\/pages"}],"about":[{"href":"https:\/\/uvmk.gov.mk\/sq\/wp-json\/wp\/v2\/types\/page"}],"author":[{"embeddable":true,"href":"https:\/\/uvmk.gov.mk\/sq\/wp-json\/wp\/v2\/users\/1"}],"replies":[{"embeddable":true,"href":"https:\/\/uvmk.gov.mk\/sq\/wp-json\/wp\/v2\/comments?post=10430"}],"version-history":[{"count":2,"href":"https:\/\/uvmk.gov.mk\/sq\/wp-json\/wp\/v2\/pages\/10430\/revisions"}],"predecessor-version":[{"id":10432,"href":"https:\/\/uvmk.gov.mk\/sq\/wp-json\/wp\/v2\/pages\/10430\/revisions\/10432"}],"wp:attachment":[{"href":"https:\/\/uvmk.gov.mk\/sq\/wp-json\/wp\/v2\/media?parent=10430"}],"curies":[{"name":"wp","href":"https:\/\/api.w.org\/{rel}","templated":true}]}}